{"id":10306,"date":"2026-01-19T10:07:05","date_gmt":"2026-01-19T09:07:05","guid":{"rendered":"http:\/\/www.paletten.at\/datenschutzerklaerung-2\/"},"modified":"2026-01-22T10:56:47","modified_gmt":"2026-01-22T09:56:47","slug":"datenschutzerklaerung-2","status":"publish","type":"page","link":"http:\/\/paletten.at\/it\/unternehmen\/datenschutzerklaerung-2\/","title":{"rendered":"Datenschutzerkl\u00e4rung"},"content":{"rendered":"\n<div style=\"height:80px\" aria-hidden=\"true\" class=\"wp-block-spacer\"><\/div>\n\n\n\n<h1 class=\"wp-block-heading\">Datenschutzerkl\u00e4rung<\/h1>\n\n\n\n<p><strong>der Konrad Brunner GmbH<\/strong><br>Der Schutz Ihrer Privatsph\u00e4re ist uns sehr wichtig. Diese Datenschutzerkl\u00e4rung dient daher der Aufkl\u00e4rung \u00fcber Art, Umfang und Zweck der Erhebung und Verarbeitung von personenbezogenen Daten (&#8220;Daten&#8221;) durch die Konrad Brunner GmbH im Zusammenhang mit Gesch\u00e4ftsbeziehungen, der Nutzung der Website&nbsp;<a href=\"https:\/\/paletten.at\/\" target=\"_blank\" rel=\"noreferrer noopener\">paletten.at<\/a>&nbsp;(&#8220;<strong>Website<\/strong>&#8220;), Kontaktanfragen und Bewerbungen. Gegenst\u00e4ndliche Informationsbereitstellung erfolgt gem\u00e4\u00df Art&nbsp;13&nbsp;und&nbsp;14 der Datenschutz-Grundverordnung (&#8220;<strong>DSGVO<\/strong>&#8220;).<br><br>Diese Datenschutzerkl\u00e4rung richtet sich an (i) Gesch\u00e4ftspartner (ii) Nutzer der Website sowie (iii) Bewerber (&#8220;<strong>Betroffene<\/strong>&#8220;, &#8220;<strong>Sie<\/strong>&#8220;).<br><br><strong>1. Verantwortlicher der Datenverarbeitung ist<\/strong><br><br><strong>Konrad Brunner GmbH<br>Gradnitztalweg 6<br>3910 Zwettl<br>office@paletten.at<\/strong><br>(im Folgenden &#8220;<strong>Konrad Brunner GmbH<\/strong>&#8220;, &#8220;<strong>wir<\/strong>&#8220;)<br><br><strong>2. Wie verarbeiten wir Ihre Daten?<br><br>a. Gesch\u00e4ftspartner<\/strong><br><br>Wir verarbeiten Ihre Daten (insbesondere Kontaktdaten, Rechnungsdaten) zur Erf\u00fcllung unserer Pflichten aus dem Vertragsverh\u00e4ltnis mit Ihnen (gem\u00e4\u00df Art&nbsp;6&nbsp;Abs 1&nbsp;lit&nbsp;b&nbsp;DSGVO), zur Erf\u00fcllung gesetzlicher Pflichten (Art&nbsp;6 Abs&nbsp;1&nbsp;lit&nbsp;c&nbsp;DSGVO) und\/oder zur Wahrung berechtigter Interessen, sofern nicht Ihre Interessen an der Vertraulichkeit Ihrer Daten \u00fcberwiegen (Art&nbsp;6&nbsp;Abs 1&nbsp;lit&nbsp;f&nbsp;DSGVO).<br><br>Wir speichern vorstehend genannte Daten jedenfalls f\u00fcr die Dauer des aktiven Vertragsverh\u00e4ltnisses sowie dar\u00fcber hinaus gem\u00e4\u00df den gesetzlichen Aufbewahrungs- und Dokumentationspflichten (z.B. gem\u00e4\u00df UGB und BAO).<br><br><strong>b. Websitenutzer<\/strong><br><br><em><strong>Kontaktaufnahme<\/strong><\/em><br><br>Wenn Sie via Email oder \u00fcber die sonst angebotenen Kontaktm\u00f6glichkeiten mit uns in Verbindung treten, werden die von Ihnen zur Verf\u00fcgung gestellten Daten verarbeitet, um Ihre Anfrage zu bearbeiten und zu beantworten, insbesondere: Name, Email oder Telefonnummer, allenfalls angegebene Daten. Diese Daten werden l\u00e4ngstens f\u00fcr 2 Jahre bzw allenfalls w\u00e4hrend einer laufenden Gesch\u00e4ftsbeziehung f\u00fcr 7 Jahre ab dem letzten Gesch\u00e4ftsfall gespeichert.&nbsp;<br><br>Wir verarbeiten die Daten zum Zwecke Ihrer Kontaktaufnahme mit uns im Rahmen von (vor)vertraglichen Verh\u00e4ltnissen gem\u00e4\u00df Art&nbsp;6&nbsp;Abs&nbsp;1&nbsp;lit&nbsp;b DSGVO.<br><br><em><strong>Cookies<\/strong><\/em><br><br>Beim Besuch unserer Website verarbeiten wir ausschlie\u00dflich Cookies, welche zwingend f\u00fcr den Aufbau bzw das Funktionieren der Website erforderlich sind (technisch notwendige Cookies). Diese k\u00f6nnen nicht deaktiviert werden. Sofern es sich bei diesen Cookies um personenbezogene Daten handelt, verarbeiten wir Ihre Daten gem\u00e4\u00df Art 6 Abs 1 lit f DSGVO.&nbsp;<br><br>Die Speicherdauer der jeweiligen Cookies kann variieren und bis zu maximal 14 Monaten betragen\/richtet sich nach der Dauer der jeweiligen Browsersitzung.<br><br><strong>c. Bewerber<\/strong><br><br>Wenn Sie sich bei uns bewerben, verarbeiten wir die von Ihnen zur Verf\u00fcgung gestellten Daten (insbesondere Lebenslauf, Kontaktdaten) zur Durchf\u00fchrung vorvertraglicher Ma\u00dfnahmen (Abwicklung des Bewerbungsprozesses mit dem Ziel eines Vertragsabschlusses gem\u00e4\u00df Art&nbsp;6&nbsp;Abs&nbsp;1&nbsp;lit&nbsp;b&nbsp;DSGVO) oder, sofern Sie als Bewerber weiterhin in Evidenz gehalten werden wollen, aufgrund Ihrer ausdr\u00fccklichen Einwilligung (gem\u00e4\u00df&nbsp;Art&nbsp;6&nbsp;Abs&nbsp;1&nbsp;lit&nbsp;a DSGVO). Sofern die Daten nicht aufgrund Ihrer Einwilligung l\u00e4nger gespeichert werden sollen, werden sie sieben Monate nach dem Abschluss des Bewerbungsprozesses gel\u00f6scht.<br><br><strong>3. \u00dcbermittlung an Dritte<\/strong><br><br>Wir \u00fcbermitteln Daten an Dritte, soweit dies erforderlich ist, um die jeweilige Datenverarbeitung entsprechend abwickeln zu k\u00f6nnen. Dazu geh\u00f6ren insbesondere die folgenden Empf\u00e4nger: (IT-)Dienstleister, Banken, Steuerberater, Rechtsanw\u00e4lte und andere Wirtschaftspr\u00fcfungs- oder Beratungsunternehmen. Dar\u00fcber hinaus kann eine Weitergabe Ihrer Daten im Anlassfall an Rechtsvertreter, Notare, Gerichte und Verwaltungsbeh\u00f6rden erfolgen.<br><br>Sofern sich die oben genannten Empf\u00e4nger Ihrer Daten au\u00dferhalb des EWR befinden und f\u00fcr das betreffende Land auch nicht mit Beschluss der EU-Kommission festgestellt wurde, dass dieses \u00fcber ein angemessenes Datenschutzniveau verf\u00fcgt, stellen wir sicher, dass die \u00dcbermittlung auf der Basis von Standardvertragsklauseln (derzeit (EU) 2021\/914) oder sonst im Einklang mit den Art 46, 47 oder 49 DSGVO erfolgt.<br><br><strong>4. Welche Rechte stehen Ihnen zu?<\/strong><br><br>Sollten Sie von einer von uns vorgenommenen Datenverarbeitung betroffen sein, haben Sie nach Ma\u00dfgabe der DSGVO das Recht auf Auskunft, Berichtigung, L\u00f6schung oder Einschr\u00e4nkung der Verarbeitung Ihrer gespeicherten Daten, ein Widerspruchsrecht gegen die Verarbeitung sowie ein Recht auf Daten\u00fcbertragbarkeit.<br><br><em><strong>Beschwerde<\/strong><\/em><br>Wenn Sie glauben, dass die Verarbeitung Ihrer Daten gegen das Datenschutzrecht verst\u00f6\u00dft oder Ihre datenschutzrechtlichen Anspr\u00fcche sonst in einer Weise verletzt worden sind, k\u00f6nnen Sie sich bei der Aufsichtsbeh\u00f6rde beschweren. In \u00d6sterreich ist dies die Datenschutzbeh\u00f6rde (www.dsb.gv.at).&nbsp;<br><br><strong><em>Kontakt<\/em><\/strong><br>Um von Ihren Rechten in Bezug auf Ihre von uns verarbeiteten Daten Gebrauch zu machen, wenden Sie sich bitte an:<\/p>\n\n\n\n<p><strong>Konrad Brunner GmbH<br>Gradnitztalweg 6<br>3910 Zwettl<br>office@paletten.at<\/strong><br><br><strong><em>Definitionen<\/em><\/strong><br>Definitionen der verwendeten Begriffe (z.B. &#8220;personenbezogene Daten&#8221; oder &#8220;Verarbeitung&#8221;) finden Sie in Art&nbsp;4&nbsp;DSGVO.<\/p>\n\n\n\n<div style=\"height:80px\" aria-hidden=\"true\" class=\"wp-block-spacer\"><\/div>\n","protected":false},"excerpt":{"rendered":"<p>Datenschutzerkl\u00e4rung der Konrad Brunner GmbHDer Schutz Ihrer Privatsph\u00e4re ist uns sehr wichtig. Diese Datenschutzerkl\u00e4rung dient daher der Aufkl\u00e4rung \u00fcber Art, Umfang und Zweck der Erhebung und Verarbeitung von personenbezogenen Daten (&#8220;Daten&#8221;) durch die Konrad Brunner GmbH im Zusammenhang mit Gesch\u00e4ftsbeziehungen, der Nutzung der Website&nbsp;paletten.at&nbsp;(&#8220;Website&#8220;), Kontaktanfragen und Bewerbungen. Gegenst\u00e4ndliche Informationsbereitstellung erfolgt gem\u00e4\u00df Art&nbsp;13&nbsp;und&nbsp;14 der Datenschutz-Grundverordnung (&#8220;DSGVO&#8220;). &hellip; <\/p>\n<p class=\"link-more\"><a href=\"http:\/\/paletten.at\/it\/unternehmen\/datenschutzerklaerung-2\/\" class=\"more-link\">Leggi tutto<span class=\"screen-reader-text\"> &#8220;Datenschutzerkl\u00e4rung&#8221;<\/span><\/a><\/p>\n","protected":false},"author":1,"featured_media":0,"parent":10307,"menu_order":8,"comment_status":"closed","ping_status":"closed","template":"","meta":{"_themeisle_gutenberg_block_has_review":false,"footnotes":""},"class_list":["post-10306","page","type-page","status-publish","hentry"],"yoast_head":"<!-- This site is optimized with the Yoast SEO plugin v27.0 - https:\/\/yoast.com\/product\/yoast-seo-wordpress\/ -->\n<title>Datenschutzerkl\u00e4rung<\/title>\n<meta name=\"robots\" content=\"index, follow, max-snippet:-1, max-image-preview:large, max-video-preview:-1\" \/>\n<link rel=\"canonical\" href=\"https:\/\/paletten.at\/unternehmen\/datenschutzerklaerung-2\/\" \/>\n<meta property=\"og:locale\" content=\"it_IT\" \/>\n<meta property=\"og:locale:alternate\" content=\"de_DE_formal\" \/>\n<meta property=\"og:locale:alternate\" content=\"en_EN\" \/>\n<meta property=\"og:type\" content=\"article\" \/>\n<meta property=\"og:title\" content=\"Datenschutzerkl\u00e4rung\" \/>\n<meta property=\"og:description\" content=\"Datenschutzerkl\u00e4rung der Konrad Brunner GmbHDer Schutz Ihrer Privatsph\u00e4re ist uns sehr wichtig. Diese Datenschutzerkl\u00e4rung dient daher der Aufkl\u00e4rung \u00fcber Art, Umfang und Zweck der Erhebung und Verarbeitung von personenbezogenen Daten (&#8220;Daten&#8221;) durch die Konrad Brunner GmbH im Zusammenhang mit Gesch\u00e4ftsbeziehungen, der Nutzung der Website&nbsp;paletten.at&nbsp;(&#8220;Website&#8220;), Kontaktanfragen und Bewerbungen. Gegenst\u00e4ndliche Informationsbereitstellung erfolgt gem\u00e4\u00df Art&nbsp;13&nbsp;und&nbsp;14 der Datenschutz-Grundverordnung (&#8220;DSGVO&#8220;). &hellip; Leggi tutto &quot;Datenschutzerkl\u00e4rung&quot;\" \/>\n<meta property=\"og:url\" content=\"http:\/\/paletten.at\/it\/unternehmen\/datenschutzerklaerung-2\/\" \/>\n<meta property=\"og:site_name\" content=\"Paletten Brunner\" \/>\n<meta property=\"article:modified_time\" content=\"2026-01-22T09:56:47+00:00\" \/>\n<meta name=\"twitter:card\" content=\"summary_large_image\" \/>\n<meta name=\"twitter:label1\" content=\"Tempo di lettura stimato\" \/>\n\t<meta name=\"twitter:data1\" content=\"5 minuti\" \/>\n<script type=\"application\/ld+json\" class=\"yoast-schema-graph\">{\"@context\":\"https:\/\/schema.org\",\"@graph\":[{\"@type\":\"WebPage\",\"@id\":\"https:\/\/paletten.at\/unternehmen\/datenschutzerklaerung-2\/\",\"url\":\"https:\/\/paletten.at\/unternehmen\/datenschutzerklaerung-2\/\",\"name\":\"Datenschutzerkl\u00e4rung\",\"isPartOf\":{\"@id\":\"https:\/\/paletten.at\/#website\"},\"datePublished\":\"2026-01-19T09:07:05+00:00\",\"dateModified\":\"2026-01-22T09:56:47+00:00\",\"breadcrumb\":{\"@id\":\"https:\/\/paletten.at\/unternehmen\/datenschutzerklaerung-2\/#breadcrumb\"},\"inLanguage\":\"it-IT\",\"potentialAction\":[{\"@type\":\"ReadAction\",\"target\":[\"https:\/\/paletten.at\/unternehmen\/datenschutzerklaerung-2\/\"]}]},{\"@type\":\"BreadcrumbList\",\"@id\":\"https:\/\/paletten.at\/unternehmen\/datenschutzerklaerung-2\/#breadcrumb\",\"itemListElement\":[{\"@type\":\"ListItem\",\"position\":1,\"name\":\"Start\",\"item\":\"https:\/\/paletten.at\/\"},{\"@type\":\"ListItem\",\"position\":2,\"name\":\"Unternehmen\",\"item\":\"https:\/\/paletten.at\/unternehmen\/\"},{\"@type\":\"ListItem\",\"position\":3,\"name\":\"Datenschutzerkl\u00e4rung\"}]},{\"@type\":\"WebSite\",\"@id\":\"https:\/\/paletten.at\/#website\",\"url\":\"https:\/\/paletten.at\/\",\"name\":\"Paletten Brunner\",\"description\":\"\",\"publisher\":{\"@id\":\"https:\/\/paletten.at\/#organization\"},\"potentialAction\":[{\"@type\":\"SearchAction\",\"target\":{\"@type\":\"EntryPoint\",\"urlTemplate\":\"https:\/\/paletten.at\/?s={search_term_string}\"},\"query-input\":{\"@type\":\"PropertyValueSpecification\",\"valueRequired\":true,\"valueName\":\"search_term_string\"}}],\"inLanguage\":\"it-IT\"},{\"@type\":\"Organization\",\"@id\":\"https:\/\/paletten.at\/#organization\",\"name\":\"Paletten Brunner\",\"url\":\"https:\/\/paletten.at\/\",\"logo\":{\"@type\":\"ImageObject\",\"inLanguage\":\"it-IT\",\"@id\":\"https:\/\/paletten.at\/#\/schema\/logo\/image\/\",\"url\":\"http:\/\/paletten.at\/wp-content\/uploads\/2026\/01\/KonradBrunner-Logo.jpg\",\"contentUrl\":\"http:\/\/paletten.at\/wp-content\/uploads\/2026\/01\/KonradBrunner-Logo.jpg\",\"width\":583,\"height\":417,\"caption\":\"Paletten Brunner\"},\"image\":{\"@id\":\"https:\/\/paletten.at\/#\/schema\/logo\/image\/\"}}]}<\/script>\n<!-- \/ Yoast SEO plugin. -->","yoast_head_json":{"title":"Datenschutzerkl\u00e4rung","robots":{"index":"index","follow":"follow","max-snippet":"max-snippet:-1","max-image-preview":"max-image-preview:large","max-video-preview":"max-video-preview:-1"},"canonical":"https:\/\/paletten.at\/unternehmen\/datenschutzerklaerung-2\/","og_locale":"it_IT","og_type":"article","og_title":"[:de]Datenschutzerkl\u00e4rung[:en]declaration of data protection[:] - Paletten Brunner","og_description":"Datenschutzerkl\u00e4rung der Konrad Brunner GmbHDer Schutz Ihrer Privatsph\u00e4re ist uns sehr wichtig. Diese Datenschutzerkl\u00e4rung dient daher der Aufkl\u00e4rung \u00fcber Art, Umfang und Zweck der Erhebung und Verarbeitung von personenbezogenen Daten (&#8220;Daten&#8221;) durch die Konrad Brunner GmbH im Zusammenhang mit Gesch\u00e4ftsbeziehungen, der Nutzung der Website&nbsp;paletten.at&nbsp;(&#8220;Website&#8220;), Kontaktanfragen und Bewerbungen. Gegenst\u00e4ndliche Informationsbereitstellung erfolgt gem\u00e4\u00df Art&nbsp;13&nbsp;und&nbsp;14 der Datenschutz-Grundverordnung (&#8220;DSGVO&#8220;). &hellip; Leggi tutto \"Datenschutzerkl\u00e4rung\"","og_url":"http:\/\/paletten.at\/it\/unternehmen\/datenschutzerklaerung-2\/","og_site_name":"Paletten Brunner","article_modified_time":"2026-01-22T09:56:47+00:00","twitter_card":"summary_large_image","twitter_misc":{"Tempo di lettura stimato":"5 minuti"},"schema":{"@context":"https:\/\/schema.org","@graph":[{"@type":"WebPage","@id":"https:\/\/paletten.at\/unternehmen\/datenschutzerklaerung-2\/","url":"https:\/\/paletten.at\/unternehmen\/datenschutzerklaerung-2\/","name":"Datenschutzerkl\u00e4rung","isPartOf":{"@id":"https:\/\/paletten.at\/#website"},"datePublished":"2026-01-19T09:07:05+00:00","dateModified":"2026-01-22T09:56:47+00:00","breadcrumb":{"@id":"https:\/\/paletten.at\/unternehmen\/datenschutzerklaerung-2\/#breadcrumb"},"inLanguage":"it-IT","potentialAction":[{"@type":"ReadAction","target":["https:\/\/paletten.at\/unternehmen\/datenschutzerklaerung-2\/"]}]},{"@type":"BreadcrumbList","@id":"https:\/\/paletten.at\/unternehmen\/datenschutzerklaerung-2\/#breadcrumb","itemListElement":[{"@type":"ListItem","position":1,"name":"Start","item":"https:\/\/paletten.at\/"},{"@type":"ListItem","position":2,"name":"Unternehmen","item":"https:\/\/paletten.at\/unternehmen\/"},{"@type":"ListItem","position":3,"name":"Datenschutzerkl\u00e4rung"}]},{"@type":"WebSite","@id":"https:\/\/paletten.at\/#website","url":"https:\/\/paletten.at\/","name":"Paletten Brunner","description":"","publisher":{"@id":"https:\/\/paletten.at\/#organization"},"potentialAction":[{"@type":"SearchAction","target":{"@type":"EntryPoint","urlTemplate":"https:\/\/paletten.at\/?s={search_term_string}"},"query-input":{"@type":"PropertyValueSpecification","valueRequired":true,"valueName":"search_term_string"}}],"inLanguage":"it-IT"},{"@type":"Organization","@id":"https:\/\/paletten.at\/#organization","name":"Paletten Brunner","url":"https:\/\/paletten.at\/","logo":{"@type":"ImageObject","inLanguage":"it-IT","@id":"https:\/\/paletten.at\/#\/schema\/logo\/image\/","url":"http:\/\/paletten.at\/wp-content\/uploads\/2026\/01\/KonradBrunner-Logo.jpg","contentUrl":"http:\/\/paletten.at\/wp-content\/uploads\/2026\/01\/KonradBrunner-Logo.jpg","width":583,"height":417,"caption":"Paletten Brunner"},"image":{"@id":"https:\/\/paletten.at\/#\/schema\/logo\/image\/"}}]}},"_links":{"self":[{"href":"http:\/\/paletten.at\/it\/wp-json\/wp\/v2\/pages\/10306","targetHints":{"allow":["GET"]}}],"collection":[{"href":"http:\/\/paletten.at\/it\/wp-json\/wp\/v2\/pages"}],"about":[{"href":"http:\/\/paletten.at\/it\/wp-json\/wp\/v2\/types\/page"}],"author":[{"embeddable":true,"href":"http:\/\/paletten.at\/it\/wp-json\/wp\/v2\/users\/1"}],"replies":[{"embeddable":true,"href":"http:\/\/paletten.at\/it\/wp-json\/wp\/v2\/comments?post=10306"}],"version-history":[{"count":3,"href":"http:\/\/paletten.at\/it\/wp-json\/wp\/v2\/pages\/10306\/revisions"}],"predecessor-version":[{"id":10775,"href":"http:\/\/paletten.at\/it\/wp-json\/wp\/v2\/pages\/10306\/revisions\/10775"}],"up":[{"embeddable":true,"href":"http:\/\/paletten.at\/it\/wp-json\/wp\/v2\/pages\/10307"}],"wp:attachment":[{"href":"http:\/\/paletten.at\/it\/wp-json\/wp\/v2\/media?parent=10306"}],"curies":[{"name":"wp","href":"https:\/\/api.w.org\/{rel}","templated":true}]}}